{"id":10,"date":"2019-09-05T14:34:14","date_gmt":"2019-09-05T14:34:14","guid":{"rendered":"http:\/\/morgangarage.de\/?page_id=10"},"modified":"2019-09-06T16:11:13","modified_gmt":"2019-09-06T16:11:13","slug":"impressum","status":"publish","type":"page","link":"https:\/\/morgangarage.de\/?page_id=10","title":{"rendered":"Impressum"},"content":{"rendered":"\n<p class=\"has-text-color has-medium-font-size has-very-dark-gray-color\"><strong>Angaben gem\u00e4\u00df \u00a7 5 TMG<\/strong><\/p>\n\n\n\n<p class=\"has-text-color has-very-dark-gray-color\">Matthias Kreyes<br>\nThe Morgan Garage<br>\nBachstrasse 19<br>\n52445 Titz-Hassweiler<\/p>\n\n\n\n<p class=\"has-text-color has-medium-font-size has-very-dark-gray-color\"><strong>Kontakt<\/strong><\/p>\n\n\n\n<p class=\"has-text-color has-very-dark-gray-color\">Telefon: +49 (24 63) 99 84 63 <br>\nTelefax: +49 (24 63) 99 84 64 <br>\nE-Mail: info@morgangarage.de<\/p>\n\n\n\n<p class=\"has-text-color has-medium-font-size has-very-dark-gray-color\"><strong>Umsatzsteuer<\/strong><\/p>\n\n\n\n<p class=\"has-text-color has-very-dark-gray-color\">Umsatzsteuer-Identifikationsnummer gem\u00e4\u00df \u00a727 a Umsatzsteuergesetz:<br>\nDE 123 553 891<\/p>\n\n\n\n<p class=\"has-text-color has-medium-font-size has-very-dark-gray-color\"><strong>Streitschlichtung<\/strong><\/p>\n\n\n\n<p class=\"has-text-color has-very-dark-gray-color\">Die Europ\u00e4ische Kommission stellt eine Plattform zur Online-Streitbeilegung\n(OS) bereit: <a href=\"https:\/\/ec.europa.eu\/consumers\/odr\" target=\"_blank\" rel=\"noreferrer noopener\">https:\/\/ec.europa.eu\/consumers\/odr<\/a>.<br>\nUnsere E-Mail-Adresse finden Sie oben im Impressum.<\/p>\n\n\n\n<p class=\"has-text-color has-very-dark-gray-color\">Wir sind nicht bereit oder verpflichtet, an Streitbeilegungsverfahren vor\neiner Verbraucherschlichtungsstelle teilzunehmen.<\/p>\n\n\n\n<figure class=\"wp-block-image\"><img decoding=\"async\" loading=\"lazy\" width=\"120\" height=\"156\" src=\"http:\/\/morgangarage.de\/wp-content\/uploads\/2019\/09\/erecht_rot.png\" alt=\"\" class=\"wp-image-11\"\/><\/figure>\n\n\n\n<p class=\"has-text-color has-medium-font-size has-very-dark-gray-color\"><strong>Haftung f\u00fcr Inhalte<\/strong><\/p>\n\n\n\n<p class=\"has-text-color has-very-dark-gray-color\">Als Diensteanbieter sind wir gem\u00e4\u00df \u00a7 7 Abs.1 TMG f\u00fcr eigene Inhalte auf\ndiesen Seiten nach den allgemeinen Gesetzen verantwortlich. Nach \u00a7\u00a7 8 bis 10\nTMG sind wir als Diensteanbieter jedoch nicht verpflichtet, \u00fcbermittelte oder\ngespeicherte fremde Informationen zu \u00fcberwachen oder nach Umst\u00e4nden zu\nforschen, die auf eine rechtswidrige T\u00e4tigkeit hinweisen.<\/p>\n\n\n\n<p class=\"has-text-color has-very-dark-gray-color\">Verpflichtungen zur Entfernung oder Sperrung der Nutzung von Informationen\nnach den allgemeinen Gesetzen bleiben hiervon unber\u00fchrt. Eine diesbez\u00fcgliche\nHaftung ist jedoch erst ab dem Zeitpunkt der Kenntnis einer konkreten\nRechtsverletzung m\u00f6glich. Bei Bekanntwerden von entsprechenden\nRechtsverletzungen werden wir diese Inhalte umgehend entfernen.<\/p>\n\n\n\n<p class=\"has-text-color has-medium-font-size has-very-dark-gray-color\"><strong>Haftung f\u00fcr Links<\/strong><\/p>\n\n\n\n<p class=\"has-text-color has-very-dark-gray-color\">Unser Angebot enth\u00e4lt Links zu externen Websites Dritter, auf deren Inhalte\nwir keinen Einfluss haben. Deshalb k\u00f6nnen wir f\u00fcr diese fremden Inhalte auch\nkeine Gew\u00e4hr \u00fcbernehmen. F\u00fcr die Inhalte der verlinkten Seiten ist stets der\njeweilige Anbieter oder Betreiber der Seiten verantwortlich. Die verlinkten\nSeiten wurden zum Zeitpunkt der Verlinkung auf m\u00f6gliche Rechtsverst\u00f6\u00dfe\n\u00fcberpr\u00fcft. Rechtswidrige Inhalte waren zum Zeitpunkt der Verlinkung nicht\nerkennbar.<\/p>\n\n\n\n<p class=\"has-text-color has-very-dark-gray-color\">Eine permanente inhaltliche Kontrolle der verlinkten Seiten ist jedoch ohne\nkonkrete Anhaltspunkte einer Rechtsverletzung nicht zumutbar. Bei Bekanntwerden\nvon Rechtsverletzungen werden wir derartige Links umgehend entfernen.<\/p>\n\n\n\n<p class=\"has-text-color has-medium-font-size has-very-dark-gray-color\"><strong>Urheberrecht<\/strong><\/p>\n\n\n\n<p class=\"has-text-color has-very-dark-gray-color\">Die durch die Seitenbetreiber erstellten Inhalte und Werke auf diesen\nSeiten unterliegen dem deutschen Urheberrecht. Die Vervielf\u00e4ltigung,\nBearbeitung, Verbreitung und jede Art der Verwertung au\u00dferhalb der Grenzen des\nUrheberrechtes bed\u00fcrfen der schriftlichen Zustimmung des jeweiligen Autors bzw.\nErstellers. Downloads und Kopien dieser Seite sind nur f\u00fcr den privaten, nicht\nkommerziellen Gebrauch gestattet.<\/p>\n\n\n\n<p class=\"has-text-color has-very-dark-gray-color\">Soweit die Inhalte auf dieser Seite nicht vom Betreiber erstellt wurden,\nwerden die Urheberrechte Dritter beachtet. Insbesondere werden Inhalte Dritter\nals solche gekennzeichnet. Sollten Sie trotzdem auf eine Urheberrechtsverletzung\naufmerksam werden, bitten wir um einen entsprechenden Hinweis. Bei\nBekanntwerden von Rechtsverletzungen werden wir derartige Inhalte umgehend\nentfernen.<\/p>\n\n\n\n<figure class=\"wp-block-image\"><img decoding=\"async\" loading=\"lazy\" width=\"120\" height=\"156\" src=\"http:\/\/morgangarage.de\/wp-content\/uploads\/2019\/09\/erecht_rot.png\" alt=\"\" class=\"wp-image-11\"\/><\/figure>\n","protected":false},"excerpt":{"rendered":"<p>Angaben gem\u00e4\u00df \u00a7 5 TMG Matthias Kreyes The Morgan Garage Bachstrasse 19 52445 Titz-Hassweiler Kontakt Telefon: +49 (24 63) 99 84 63 Telefax: +49 (24 63) 99 84 64 E-Mail: info@morgangarage.de Umsatzsteuer Umsatzsteuer-Identifikationsnummer gem\u00e4\u00df \u00a727 a Umsatzsteuergesetz: DE 123 553 891 Streitschlichtung Die Europ\u00e4ische Kommission stellt eine Plattform zur Online-Streitbeilegung (OS) bereit: https:\/\/ec.europa.eu\/consumers\/odr. Unsere E-Mail-Adresse [&hellip;]<\/p>\n","protected":false},"author":1,"featured_media":0,"parent":0,"menu_order":0,"comment_status":"closed","ping_status":"closed","template":"","meta":[],"_links":{"self":[{"href":"https:\/\/morgangarage.de\/index.php?rest_route=\/wp\/v2\/pages\/10"}],"collection":[{"href":"https:\/\/morgangarage.de\/index.php?rest_route=\/wp\/v2\/pages"}],"about":[{"href":"https:\/\/morgangarage.de\/index.php?rest_route=\/wp\/v2\/types\/page"}],"author":[{"embeddable":true,"href":"https:\/\/morgangarage.de\/index.php?rest_route=\/wp\/v2\/users\/1"}],"replies":[{"embeddable":true,"href":"https:\/\/morgangarage.de\/index.php?rest_route=%2Fwp%2Fv2%2Fcomments&post=10"}],"version-history":[{"count":5,"href":"https:\/\/morgangarage.de\/index.php?rest_route=\/wp\/v2\/pages\/10\/revisions"}],"predecessor-version":[{"id":73,"href":"https:\/\/morgangarage.de\/index.php?rest_route=\/wp\/v2\/pages\/10\/revisions\/73"}],"wp:attachment":[{"href":"https:\/\/morgangarage.de\/index.php?rest_route=%2Fwp%2Fv2%2Fmedia&parent=10"}],"curies":[{"name":"wp","href":"https:\/\/api.w.org\/{rel}","templated":true}]}}